{"id":2247,"date":"2017-02-10T01:34:45","date_gmt":"2017-02-09T23:34:45","guid":{"rendered":"http:\/\/sarimelekler.biz\/wp-content\/uploads\/2017\/02\/9-Meliha-\u0130smailo\u011flu-2.jpg"},"modified":"2021-05-11T18:24:58","modified_gmt":"2021-05-11T15:24:58","slug":"9-meliha-ismailoglu-3","status":"inherit","type":"attachment","link":"https:\/\/sarimelekler.biz\/?attachment_id=2247","title":{"rendered":"9 &#8211; Meliha \u0130smailo\u011flu"},"author":1,"featured_media":0,"comment_status":"closed","ping_status":"closed","template":"","meta":{"jetpack_post_was_ever_published":false},"class_list":["post-2247","attachment","type-attachment","status-inherit","hentry"],"jetpack_sharing_enabled":true,"jetpack_shortlink":"https:\/\/wp.me\/a8npUZ-Af","description":{"rendered":"<p class=\"attachment\"><a href='https:\/\/sarimelekler.biz\/wp-content\/uploads\/2017\/02\/9-Meliha-\u0130smailo\u011flu-2.jpg'><img loading=\"lazy\" decoding=\"async\" width=\"193\" height=\"300\" src=\"https:\/\/sarimelekler.biz\/wp-content\/uploads\/2017\/02\/9-Meliha-\u0130smailo\u011flu-2-193x300.jpg\" class=\"attachment-medium size-medium\" alt=\"\" srcset=\"https:\/\/sarimelekler.biz\/wp-content\/uploads\/2017\/02\/9-Meliha-\u0130smailo\u011flu-2-193x300.jpg 193w, https:\/\/sarimelekler.biz\/wp-content\/uploads\/2017\/02\/9-Meliha-\u0130smailo\u011flu-2-768x1195.jpg 768w, https:\/\/sarimelekler.biz\/wp-content\/uploads\/2017\/02\/9-Meliha-\u0130smailo\u011flu-2-658x1024.jpg 658w, https:\/\/sarimelekler.biz\/wp-content\/uploads\/2017\/02\/9-Meliha-\u0130smailo\u011flu-2-96x150.jpg 96w, https:\/\/sarimelekler.biz\/wp-content\/uploads\/2017\/02\/9-Meliha-\u0130smailo\u011flu-2.jpg 1800w\" sizes=\"auto, (max-width: 193px) 100vw, 193px\" data-attachment-id=\"2247\" data-permalink=\"https:\/\/sarimelekler.biz\/?attachment_id=2247\" data-orig-file=\"https:\/\/sarimelekler.biz\/wp-content\/uploads\/2017\/02\/9-Meliha-\u0130smailo\u011flu-2.jpg\" data-orig-size=\"1800,2800\" data-comments-opened=\"0\" data-image-meta=\"{&quot;aperture&quot;:&quot;2.8&quot;,&quot;credit&quot;:&quot;&quot;,&quot;camera&quot;:&quot;Canon EOS-1D Mark IV&quot;,&quot;caption&quot;:&quot;&quot;,&quot;created_timestamp&quot;:&quot;1476808790&quot;,&quot;copyright&quot;:&quot;&quot;,&quot;focal_length&quot;:&quot;70&quot;,&quot;iso&quot;:&quot;500&quot;,&quot;shutter_speed&quot;:&quot;0.005&quot;,&quot;title&quot;:&quot;&quot;,&quot;orientation&quot;:&quot;1&quot;}\" data-image-title=\"9 &amp;#8211; Meliha \u0130smailo\u011flu\" data-image-description=\"&lt;p&gt;Oyuncunun ad\u0131: &lt;strong&gt;Meliha \u0130smailo\u011flu&lt;\/strong&gt;&lt;br \/&gt;\nDo\u011fum tarihi: 17.09.1993&lt;br \/&gt;\nDo\u011fum Yeri: Bosna Hersek&lt;br \/&gt;\nBoyu: 189 cm&lt;br \/&gt;\nKilosu: 71&lt;br \/&gt;\nMevkii: Sma\u00e7\u00f6r&lt;br \/&gt;\nForma Numaras\u0131: 9&lt;br \/&gt;\nFenerbah\u00e7e\u2019ye Geli\u015f Tarihi: 2014&lt;br \/&gt;\nSosyal Medya Hesaplar\u0131:&lt;br \/&gt;\nFacebook Hesab\u0131 \u015eahsa \u00d6zel&lt;br \/&gt;\n&lt;a href=&quot;http:\/\/twitter.com\/_melly3&quot; target=&quot;_blank&quot; rel=&quot;noopener noreferrer&quot;&gt;Twitter&lt;\/a&gt;&lt;br \/&gt;\n&lt;a href=&quot;http:\/\/instagram.com\/_melly03&quot; target=&quot;_blank&quot; rel=&quot;noopener noreferrer&quot;&gt;\u0130nstagram&lt;\/a&gt;&lt;\/p&gt;\n&lt;p&gt;Daha \u00d6nce Oynad\u0131\u011f\u0131 Tak\u0131mlar:&lt;br \/&gt;\nKula Gradacac: 2001 \u2013 2011&lt;br \/&gt;\n\u0130lbank: 2011 \u2013 2014&lt;\/p&gt;\n&lt;p&gt;Ba\u015far\u0131lar\u0131:&lt;br \/&gt;\n&lt;strong&gt;Fenerbah\u00e7e&lt;\/strong&gt;&lt;br \/&gt;\n2014 \u2013 T\u00fcrkiye S\u00fcper Kupas\u0131 G\u00fcm\u00fc\u015f Madalya&lt;br \/&gt;\n2014 \u2013 2015 T\u00fcrkiye Kupas\u0131 \u015eampiyonlu\u011fu&lt;br \/&gt;\n2014 \u2013 2015 T\u00fcrkiye Ligi \u015eampiyonlu\u011fu&lt;br \/&gt;\n2015 \u2013 T\u00fcrkiye S\u00fcper Kupas\u0131 \u015eampiyonlu\u011fu&lt;br \/&gt;\n2015 \u2013 2016 \u015eampiyonlar Ligi Bronz Madalya&lt;br \/&gt;\n2015 \u2013 2016 T\u00fcrkiye G\u00fcm\u00fc\u015f Madalya&lt;br \/&gt;\n2016 \u2013 2017 T\u00fcrkiye Kupas\u0131 \u015eampiyonlu\u011fu&lt;\/p&gt;\n&lt;p&gt;Milli Tak\u0131m:&lt;br \/&gt;\n2014 \u2013 CEV Bayanlar Avrupa Ligi \u015eampiyonlu\u011fu&lt;br \/&gt;\n2014 \u2013 FIVB Bayanlar D\u00fcnya \u015eampiyonas\u0131 9.\u2019luk&lt;br \/&gt;\n2015 \u2013 1. Avrupa Oyunlar\u0131 \u015eampiyonlu\u011fu (Bak\u00fc)&lt;br \/&gt;\n2015 \u2013 FIVB U23 D\u00fcnya \u015eampiyonas\u0131 G\u00fcm\u00fc\u015f Madalya&lt;br \/&gt;\n2015 \u2013 Avrupa Bayanlar Voleybol \u015eampiyonas\u0131 4.\u2019l\u00fck&lt;\/p&gt;\n&lt;p&gt;Bireysel \u00d6d\u00fcller:&lt;br \/&gt;\n2009 \u2013 Bosna Hersek Y\u0131l\u0131n Oyuncusu&lt;br \/&gt;\n2011 \u2013 Bosna Hersek Y\u0131l\u0131n Oyuncusu &lt;\/p&gt;\n\" data-image-caption=\"&lt;p&gt;9 &amp;#8211; Meliha \u0130smailo\u011flu&lt;\/p&gt;\n\" data-large-file=\"https:\/\/sarimelekler.biz\/wp-content\/uploads\/2017\/02\/9-Meliha-\u0130smailo\u011flu-2-658x1024.jpg\" \/><\/a><\/p>\n<p>Oyuncunun ad\u0131: <strong>Meliha \u0130smailo\u011flu<\/strong><br \/>\nDo\u011fum tarihi: 17.09.1993<br \/>\nDo\u011fum Yeri: Bosna Hersek<br \/>\nBoyu: 189 cm<br \/>\nKilosu: 71<br \/>\nMevkii: Sma\u00e7\u00f6r<br \/>\nForma Numaras\u0131: 9<br \/>\nFenerbah\u00e7e\u2019ye Geli\u015f Tarihi: 2014<br \/>\nSosyal Medya Hesaplar\u0131:<br \/>\nFacebook Hesab\u0131 \u015eahsa \u00d6zel<br \/>\n<a href=\"http:\/\/twitter.com\/_melly3\" target=\"_blank\" rel=\"noopener noreferrer\">Twitter<\/a><br \/>\n<a href=\"http:\/\/instagram.com\/_melly03\" target=\"_blank\" rel=\"noopener noreferrer\">\u0130nstagram<\/a><\/p>\n<p>Daha \u00d6nce Oynad\u0131\u011f\u0131 Tak\u0131mlar:<br \/>\nKula Gradacac: 2001 \u2013 2011<br \/>\n\u0130lbank: 2011 \u2013 2014<\/p>\n<p>Ba\u015far\u0131lar\u0131:<br \/>\n<strong>Fenerbah\u00e7e<\/strong><br \/>\n2014 \u2013 T\u00fcrkiye S\u00fcper Kupas\u0131 G\u00fcm\u00fc\u015f Madalya<br \/>\n2014 \u2013 2015 T\u00fcrkiye Kupas\u0131 \u015eampiyonlu\u011fu<br \/>\n2014 \u2013 2015 T\u00fcrkiye Ligi \u015eampiyonlu\u011fu<br \/>\n2015 \u2013 T\u00fcrkiye S\u00fcper Kupas\u0131 \u015eampiyonlu\u011fu<br \/>\n2015 \u2013 2016 \u015eampiyonlar Ligi Bronz Madalya<br \/>\n2015 \u2013 2016 T\u00fcrkiye G\u00fcm\u00fc\u015f Madalya<br \/>\n2016 \u2013 2017 T\u00fcrkiye Kupas\u0131 \u015eampiyonlu\u011fu<\/p>\n<p>Milli Tak\u0131m:<br \/>\n2014 \u2013 CEV Bayanlar Avrupa Ligi \u015eampiyonlu\u011fu<br \/>\n2014 \u2013 FIVB Bayanlar D\u00fcnya \u015eampiyonas\u0131 9.\u2019luk<br \/>\n2015 \u2013 1. Avrupa Oyunlar\u0131 \u015eampiyonlu\u011fu (Bak\u00fc)<br \/>\n2015 \u2013 FIVB U23 D\u00fcnya \u015eampiyonas\u0131 G\u00fcm\u00fc\u015f Madalya<br \/>\n2015 \u2013 Avrupa Bayanlar Voleybol \u015eampiyonas\u0131 4.\u2019l\u00fck<\/p>\n<p>Bireysel \u00d6d\u00fcller:<br \/>\n2009 \u2013 Bosna Hersek Y\u0131l\u0131n Oyuncusu<br \/>\n2011 \u2013 Bosna Hersek Y\u0131l\u0131n Oyuncusu <\/p>\n"},"caption":{"rendered":"<p>9 &#8211; Meliha \u0130smailo\u011flu <a class=\"continue-reading-link\" href=\"https:\/\/sarimelekler.biz\/?attachment_id=2247\">Okumaya Devam Et.. <span class=\"meta-nav\">&rarr; <\/span><\/a><\/p>\n"},"alt_text":"","media_type":"image","mime_type":"image\/jpeg","media_details":{"width":1800,"height":2800,"file":"2017\/02\/9-Meliha-\u0130smailo\u011flu-2.jpg","sizes":{"thumbnail":{"file":"9-Meliha-\u0130smailo\u011flu-2-150x150.jpg","width":150,"height":150,"mime_type":"image\/jpeg","source_url":"https:\/\/sarimelekler.biz\/wp-content\/uploads\/2017\/02\/9-Meliha-\u0130smailo\u011flu-2-150x150.jpg"},"medium":{"file":"9-Meliha-\u0130smailo\u011flu-2-193x300.jpg","width":193,"height":300,"mime_type":"image\/jpeg","source_url":"https:\/\/sarimelekler.biz\/wp-content\/uploads\/2017\/02\/9-Meliha-\u0130smailo\u011flu-2-193x300.jpg"},"medium_large":{"file":"9-Meliha-\u0130smailo\u011flu-2-768x1195.jpg","width":768,"height":1195,"mime_type":"image\/jpeg","source_url":"https:\/\/sarimelekler.biz\/wp-content\/uploads\/2017\/02\/9-Meliha-\u0130smailo\u011flu-2-768x1195.jpg"},"large":{"file":"9-Meliha-\u0130smailo\u011flu-2-658x1024.jpg","width":658,"height":1024,"mime_type":"image\/jpeg","source_url":"https:\/\/sarimelekler.biz\/wp-content\/uploads\/2017\/02\/9-Meliha-\u0130smailo\u011flu-2-658x1024.jpg"},"custom":{"file":"9-Meliha-\u0130smailo\u011flu-2-96x150.jpg","width":96,"height":150,"mime_type":"image\/jpeg","source_url":"https:\/\/sarimelekler.biz\/wp-content\/uploads\/2017\/02\/9-Meliha-\u0130smailo\u011flu-2-96x150.jpg"},"post-thumbnail":{"file":"9-Meliha-\u0130smailo\u011flu-2-96x150.jpg","width":96,"height":150,"mime_type":"image\/jpeg","source_url":"https:\/\/sarimelekler.biz\/wp-content\/uploads\/2017\/02\/9-Meliha-\u0130smailo\u011flu-2-96x150.jpg"},"header":{"file":"9-Meliha-\u0130smailo\u011flu-2-1100x75.jpg","width":1100,"height":75,"mime_type":"image\/jpeg","source_url":"https:\/\/sarimelekler.biz\/wp-content\/uploads\/2017\/02\/9-Meliha-\u0130smailo\u011flu-2-1100x75.jpg"},"slider":{"file":"9-Meliha-\u0130smailo\u011flu-2-800x450.jpg","width":800,"height":450,"mime_type":"image\/jpeg","source_url":"https:\/\/sarimelekler.biz\/wp-content\/uploads\/2017\/02\/9-Meliha-\u0130smailo\u011flu-2-800x450.jpg"},"full":{"file":"9-Meliha-\u0130smailo\u011flu-2.jpg","width":1800,"height":2800,"mime_type":"image\/jpeg","source_url":"https:\/\/sarimelekler.biz\/wp-content\/uploads\/2017\/02\/9-Meliha-\u0130smailo\u011flu-2.jpg"}},"image_meta":{"aperture":"2.8","credit":"","camera":"Canon EOS-1D Mark IV","caption":"","created_timestamp":"1476808790","copyright":"","focal_length":"70","iso":"500","shutter_speed":"0.005","title":"","orientation":"1","keywords":[]}},"post":2240,"source_url":"https:\/\/sarimelekler.biz\/wp-content\/uploads\/2017\/02\/9-Meliha-\u0130smailo\u011flu-2.jpg","_links":{"self":[{"href":"https:\/\/sarimelekler.biz\/index.php?rest_route=\/wp\/v2\/media\/2247","targetHints":{"allow":["GET"]}}],"collection":[{"href":"https:\/\/sarimelekler.biz\/index.php?rest_route=\/wp\/v2\/media"}],"about":[{"href":"https:\/\/sarimelekler.biz\/index.php?rest_route=\/wp\/v2\/types\/attachment"}],"author":[{"embeddable":true,"href":"https:\/\/sarimelekler.biz\/index.php?rest_route=\/wp\/v2\/users\/1"}],"replies":[{"embeddable":true,"href":"https:\/\/sarimelekler.biz\/index.php?rest_route=%2Fwp%2Fv2%2Fcomments&post=2247"}],"wp:attached-to":[{"embeddable":true,"post_type":"page","id":2240,"href":"https:\/\/sarimelekler.biz\/index.php?rest_route=\/wp\/v2\/pages\/2240"}],"curies":[{"name":"wp","href":"https:\/\/api.w.org\/{rel}","templated":true}]}}