{"id":2238,"date":"2017-02-09T23:02:21","date_gmt":"2017-02-09T21:02:21","guid":{"rendered":"http:\/\/sarimelekler.biz\/?page_id=2238"},"modified":"2020-08-24T23:10:02","modified_gmt":"2020-08-24T20:10:02","slug":"2016-2017-sezonu","status":"publish","type":"page","link":"https:\/\/sarimelekler.biz\/?page_id=2238","title":{"rendered":"2016-2017"},"content":{"rendered":"<p style=\"text-align: justify;\">Fenerbah\u00e7e Bayan Voleybol tak\u0131m\u0131m\u0131z 2015- 2016 sezonunu 2. S\u0131rada tamamlad\u0131ktan sonra kadrosunda bulunan Gizem Karaday\u0131, Brankica Mihajlovi\u0107, Christa Harmotto Dietzen, Lucia Bosetti ve Katarzyna Skorupa ile yollar\u0131n\u0131 ay\u0131rd\u0131. S\u00f6zle\u015fmeleri sona eren <a href=\"http:\/\/www.fenerbahce.org\/detay.asp?ContentID=50637\" target=\"_blank\" rel=\"noopener noreferrer\">Kim Yeon Koung ve Polen Uslupehlivan ile s\u00f6zle\u015fme yenilerek<\/a> transfer sezonuna ba\u015flayan tak\u0131m\u0131m\u0131z ilk olarak Brezilya Milli Tak\u0131m\u0131\u2019n\u0131n sma\u00e7\u00f6r\u00fc <a href=\"http:\/\/www.fenerbahce.org\/detay.asp?ContentID=50667\" target=\"_blank\" rel=\"noopener noreferrer\">Natalia Pereira Zilio <\/a>ile daha sonra ise Tayland\u2019l\u0131 pas\u00f6r <a href=\"http:\/\/www.fenerbahce.org\/detay.asp?ContentID=50784\" target=\"_blank\" rel=\"noopener noreferrer\">Nootsara Tomkom<\/a> ile s\u00f6zle\u015fme imzalad\u0131. 1 sezon kiral\u0131k olarak oynayan gen\u00e7 liberomuz Melis Y\u0131lmaz\u2019da tekrar kadromuzda yer ald\u0131. 23 A\u011fustos\u2019ta <a href=\"http:\/\/www.fenerbahce.org\/detay.asp?ContentID=51777\" target=\"_blank\" rel=\"noopener noreferrer\">sezonu a\u00e7an<\/a> tak\u0131m\u0131m\u0131z 25 A\u011fustos\u2019ta <a href=\"http:\/\/www.fenerbahce.org\/detay.asp?ContentID=51804\" target=\"_blank\" rel=\"noopener noreferrer\">sa\u011fl\u0131k kontrol\u00fcnden<\/a> ge\u00e7ti. Eyl\u00fcl\u2019\u00fcn ikinci haftas\u0131 <a href=\"http:\/\/www.fenerbahce.org\/detay.asp?ContentID=51997\" target=\"_blank\" rel=\"noopener noreferrer\">Natalia Zilio<\/a> ve <a href=\"http:\/\/www.fenerbahce.org\/detay.asp?ContentID=52013\" target=\"_blank\" rel=\"noopener noreferrer\">Nootsara\u2019n\u0131n<\/a> da tak\u0131ma kat\u0131lmas\u0131yla tak\u0131m\u0131m\u0131z 23 Eyl\u00fcl\u2019de <a href=\"http:\/\/www.fenerbahce.org\/detay.asp?ContentID=52145\" target=\"_blank\" rel=\"noopener noreferrer\">Topuk Yaylas\u0131 <\/a>tesislerimize kamp yapmak i\u00e7in gitti. \u00a0Tak\u0131m menajerli\u011fini Bora Serter getirilirken isim sponsoru olan Grundig ile anla\u015fma sona erdi. Tak\u0131m\u0131m\u0131za <a href=\"http:\/\/www.fenerbahce.org\/detay.asp?ContentID=52766\" target=\"_blank\" rel=\"noopener noreferrer\">Barilla<\/a> forma sponsoru oldu. T\u00fcrkiye Voleybol Federasyonu yaz sezonunda ald\u0131\u011f\u0131 bir kararla T\u00fcrkiye Bayanlar Voleybol Liginin 2016 \u2013 2017 sezonun <a href=\"http:\/\/www.tvf.org.tr\/haberler\/detay\/114550\/\" target=\"_blank\" rel=\"noopener noreferrer\">Sultanlar Ligi<\/a> olarak oynanaca\u011f\u0131n\u0131 duyurdu. T\u00fcrkiye Voleybol Federasyonu Lig Ba\u015flamadan k\u0131sa bir s\u00fcre \u00f6nce ise lig isim sponsorlu\u011fu i\u00e7in <a href=\"http:\/\/www.tvf.org.tr\/haberler\/detay\/114848\/\" target=\"_blank\" rel=\"noopener noreferrer\">Vestel ile anla\u015ft\u0131.<\/a> 26 Ekim\u2019de ise 2016 \u2013 2017 Sezonu Vestel Venus Sultanlar Ligi ba\u015flad\u0131. Ligin yay\u0131n haklar\u0131n\u0131 ise Ntvspor ald\u0131. 6 Aral\u0131k\u2019ta g\u00f6r\u00fclen eksiklerden dolay\u0131 tak\u0131m\u0131m\u0131za Hollanda\u2019l\u0131 sma\u00e7\u00f6r <a href=\"http:\/\/www.fenerbahce.org\/detay.asp?ContentID=53380\" target=\"_blank\" rel=\"noopener noreferrer\">Maret Balkestein-Grothues<\/a> <a href=\"http:\/\/www.fenerbahce.org\/detay.asp?ContentID=53375\" target=\"_blank\" rel=\"noopener noreferrer\">transfer<\/a> edildi. Tak\u0131m\u0131m\u0131z ligin ilk yar\u0131s\u0131n\u0131 8 galibiyet ve 3 ma\u011flubiyetle kapatt\u0131. Tak\u0131m\u0131m\u0131z\u0131n son transferini ise 20 Ocak 2017\u2019de orta oyuncu <a href=\"http:\/\/www.fenerbahce.org\/detay.asp?ContentID=54032\" target=\"_blank\" rel=\"noopener noreferrer\">Bahar Toksoy Guidetti<\/a> ile <a href=\"http:\/\/www.fenerbahce.org\/detay.asp?ContentID=54026\" target=\"_blank\" rel=\"noopener noreferrer\">1,5 y\u0131ll\u0131k s\u00f6zle\u015fme<\/a> imzalayarak yapt\u0131.<\/p>\n<p style=\"text-align: justify;\"><strong>Sezon i\u00e7erisinden ilginizi \u00e7ekebilecek haberler:\u00a0<\/strong><a href=\"http:\/\/www.fenerbahce.org\/detay.asp?ContentID=51839\" target=\"_blank\" rel=\"noopener noreferrer\"><br \/>\nPolen&#8217;in Do\u011fum G\u00fcn\u00fc Kutland\u0131<\/a>\u00a0<a href=\"http:\/\/www.fenerbahce.org\/detay.asp?ContentID=51952\" target=\"_blank\" rel=\"noopener noreferrer\"><br \/>\nVoleybol&#8217;da Fikst\u00fcrler Belirlendi<\/a>\u00a0<a href=\"http:\/\/www.fenerbahce.org\/detay.asp?ContentID=52054\" target=\"_blank\" rel=\"noopener noreferrer\"><br \/>\nFB Tv Konuk Eda Erdem D\u00fcndar<\/a>\u00a0<a href=\"http:\/\/www.fenerbahce.org\/detay.asp?ContentID=52075\" target=\"_blank\" rel=\"noopener noreferrer\"><br \/>\nFB Tv Konuk Dicle &#8211; Ezgi<\/a>\u00a0<a href=\"http:\/\/www.fenerbahce.org\/detay.asp?ContentID=52154\" target=\"_blank\" rel=\"noopener noreferrer\"><br \/>\nTopuk Yaylas\u0131 \u0130zlenimleri<\/a>\u00a0<a href=\"http:\/\/www.fenerbahce.org\/detay.asp?ContentID=52616\" target=\"_blank\" rel=\"noopener noreferrer\"><br \/>\nEda Erdem D\u00fcndar R\u00f6portaj\u0131<\/a>\u00a0<a href=\"http:\/\/www.fenerbahce.org\/detay.asp?ContentID=52902\" target=\"_blank\" rel=\"noopener noreferrer\"><br \/>\nBa\u015fkan\u0131m\u0131zdan Sar\u0131 Melekler Yemek Daveti<\/a>\u00a0<a href=\"http:\/\/www.fenerbahce.org\/detay.asp?ContentID=53995\" target=\"_blank\" rel=\"noopener noreferrer\"><br \/>\nKupa Voley \u015eampiyonlu\u011fun \u00d6yk\u00fcs\u00fc\u00a0<\/a>\u00a0<a href=\"http:\/\/www.fenerbahce.org\/detay.asp?ContentID=54071\" target=\"_blank\" rel=\"noopener noreferrer\"><br \/>\nStad\u0131m\u0131zda\u00a0Kupa Turu<\/a>\u00a0<a href=\"http:\/\/www.fenerbahce.org\/detay.asp?ContentID=54332\" target=\"_blank\" rel=\"noopener noreferrer\"><br \/>\nBahar&#8217;\u0131n Do\u011fum G\u00fcn\u00fc Kutland\u0131<\/a><\/p>\n<p><strong>Kaynak:<\/strong><br \/>\n<a href=\"http:\/\/www.fenerbahce.org\/\" target=\"_blank\" rel=\"noopener noreferrer\">Fenerbah\u00e7e Spor Kul\u00fcb\u00fc \u0130nternet Sitesi<\/a><br \/>\n<a href=\"http:\/\/www.tvf.org.tr\/\" target=\"_blank\" rel=\"noopener noreferrer\">T\u00fcrkiye Voleybol Federasyonu \u0130nternet Sitesi<\/a><\/p>\n<p><strong>Bu sezon ile ilgili sitemizde bulabilece\u011finiz linkler:<\/strong><br \/>\n<a href=\"https:\/\/sarimelekler.biz\/?page_id=2240\" target=\"_blank\" rel=\"noopener noreferrer\">Kadro<\/a><br \/>\n<a href=\"https:\/\/sarimelekler.biz\/?page_id=2559\" target=\"_blank\" rel=\"noopener noreferrer\">Vestel Ven\u00fcs Sultanlar Ligi<\/a><br \/>\n<a href=\"https:\/\/sarimelekler.biz\/?page_id=2561\" target=\"_blank\" rel=\"noopener noreferrer\">Cev \u015eampiyonlar Ligi<\/a><br \/>\n<a href=\"https:\/\/sarimelekler.biz\/?page_id=2282\" target=\"_blank\" rel=\"noopener noreferrer\">T\u00fcrkiye Kupas\u0131 (Kupa Voley)<\/a><br \/>\n<a href=\"https:\/\/sarimelekler.biz\/?page_id=2625\" target=\"_blank\" rel=\"noopener noreferrer\">Foto\u011fraf Galerisi\u00a0<\/a><br \/>\n<span style=\"font-size: 16px;\"><a href=\"https:\/\/sarimelekler.biz\/?p=3865\" target=\"_blank\" rel=\"noopener noreferrer\">T\u00fcrkiye Ligi \u015eampiyonluk Video ve Foto\u011fraflar\u0131<\/a><\/span><\/p>\n","protected":false},"excerpt":{"rendered":"<p>Fenerbah\u00e7e Bayan Voleybol tak\u0131m\u0131m\u0131z 2015- 2016 sezonunu 2. S\u0131rada tamamlad\u0131ktan \u2026 <a class=\"continue-reading-link\" href=\"https:\/\/sarimelekler.biz\/?page_id=2238\">Okumaya Devam Et.. <span class=\"meta-nav\">&rarr; <\/span><\/a><\/p>\n","protected":false},"author":1,"featured_media":0,"parent":6,"menu_order":0,"comment_status":"closed","ping_status":"closed","template":"","meta":{"jetpack_post_was_ever_published":false,"_mc_calendar":[],"footnotes":""},"class_list":["post-2238","page","type-page","status-publish","hentry"],"jetpack_sharing_enabled":true,"jetpack_shortlink":"https:\/\/wp.me\/P8npUZ-A6","jetpack-related-posts":[{"id":8,"url":"https:\/\/sarimelekler.biz\/?page_id=8","url_meta":{"origin":2238,"position":0},"title":"2009-2010","author":"Edit\u00f6r","date":"3 \u015eubat 2017","format":false,"excerpt":"Fenerbah\u00e7e Bayan Voleybol tak\u0131m\u0131m\u0131z 2008 \u2013 2009 sezonunu T\u00fcrkiye liginde \u015eampiyon Cev Avrupa kupas\u0131n\u0131 ise 3. olarak tamamlad\u0131ktan sonra hedeflerini daha yukar\u0131 \u00e7ekerek Ac\u0131badem isim sponsorlu\u011funda kadro yap\u0131s\u0131nda de\u011fi\u015fikli\u011fe gitti. Kadromuzda bulunan Marina Tumas, Valeriya Korotenko, Oksana Parkhomenko, Anja Spasojevic, Vesna Tomasevic, Necla G\u00fc\u00e7l\u00fc Esepa\u015fa, Nisa Kuliyeva, Fatma Duygu Sipaho\u011flu\u2026","rel":"","context":"Benzer yaz\u0131","block_context":{"text":"Benzer yaz\u0131","link":""},"img":{"alt_text":"","src":"","width":0,"height":0},"classes":[]},{"id":32,"url":"https:\/\/sarimelekler.biz\/?page_id=32","url_meta":{"origin":2238,"position":1},"title":"2012-2013","author":"Edit\u00f6r","date":"4 \u015eubat 2017","format":false,"excerpt":"Fenerbah\u00e7e Bayan Voleybol tak\u0131m\u0131m\u0131z 2011 \u2013 2012 sezonunda \u015eampiyonlar Ligi \u015eampiyonlu\u011fu kazanm\u0131\u015f olmas\u0131na ra\u011fmen T\u00fcrkiye Ligi Finalleri ve T\u00fcrkiye Kupas\u0131 Finallerinde T\u00fcrkiye Voleybol Federasyonun sa\u00e7ma uygulamalar\u0131 nedeniyle sezonu s\u0131k\u0131nt\u0131l\u0131 bir \u015fekilde kapatm\u0131\u015ft\u0131. Sezon sonu ise Kul\u00fcp olarak zaten s\u0131k\u0131nt\u0131l\u0131 bir s\u00fcre\u00e7te oldu\u011fumuz anda birde 2012 \u2013 2013 sezonunda \u015eampiyonlar Ligine\u2026","rel":"","context":"Benzer yaz\u0131","block_context":{"text":"Benzer yaz\u0131","link":""},"img":{"alt_text":"","src":"https:\/\/i0.wp.com\/sarimelekler.biz\/wp-content\/uploads\/2017\/02\/2012-10-19_katarbasin1-150x150.jpg?resize=350%2C200&ssl=1","width":350,"height":200,"srcset":"https:\/\/i0.wp.com\/sarimelekler.biz\/wp-content\/uploads\/2017\/02\/2012-10-19_katarbasin1-150x150.jpg?resize=350%2C200&ssl=1 1x, https:\/\/i0.wp.com\/sarimelekler.biz\/wp-content\/uploads\/2017\/02\/2012-10-19_katarbasin1-150x150.jpg?resize=525%2C300&ssl=1 1.5x, https:\/\/i0.wp.com\/sarimelekler.biz\/wp-content\/uploads\/2017\/02\/2012-10-19_katarbasin1-150x150.jpg?resize=700%2C400&ssl=1 2x, https:\/\/i0.wp.com\/sarimelekler.biz\/wp-content\/uploads\/2017\/02\/2012-10-19_katarbasin1-150x150.jpg?resize=1050%2C600&ssl=1 3x, https:\/\/i0.wp.com\/sarimelekler.biz\/wp-content\/uploads\/2017\/02\/2012-10-19_katarbasin1-150x150.jpg?resize=1400%2C800&ssl=1 4x"},"classes":[]},{"id":16,"url":"https:\/\/sarimelekler.biz\/?page_id=16","url_meta":{"origin":2238,"position":2},"title":"2010-2011","author":"Edit\u00f6r","date":"4 \u015eubat 2017","format":false,"excerpt":"Fenerbah\u00e7e Bayan Voleybol tak\u0131m\u0131m\u0131z bir \u00f6nceki sezon ba\u015far\u0131lar\u0131 tekrarlamak ve Avrupa \u015eampiyonlu\u011funu kazanabilmek amac\u0131yla 2010 \u2013 2011 sezonuna ba\u015flayan tak\u0131m\u0131m\u0131z \u00f6nceki sezondan kadrosunda bulunan Frauke Dirickx, Alice Blom, Cemre Erol, Merve Tan\u0131l ve antren\u00f6r\u00fcm\u00fcz Jan De Brandt ile yollar ayr\u0131ld\u0131. Bir voleybol efsanesi olan ve \u00fclkesi d\u0131\u015f\u0131nda sadece Fenerbah\u00e7e\u2019de forma\u2026","rel":"","context":"Benzer yaz\u0131","block_context":{"text":"Benzer yaz\u0131","link":""},"img":{"alt_text":"","src":"","width":0,"height":0},"classes":[]},{"id":50,"url":"https:\/\/sarimelekler.biz\/?page_id=50","url_meta":{"origin":2238,"position":3},"title":"2015-2016","author":"Edit\u00f6r","date":"4 \u015eubat 2017","format":false,"excerpt":"2014 \u2013 2015 sezonunu 2 kupayla kapatan tak\u0131m\u0131m\u0131z transfer sezonunda \u00a0Madelayne Montano Caicedo, Christina Bauer, Kristin Lynn Hildebrand, Eleonora Lo Bianco, Elif \u00d6ner ve G\u00f6k\u00e7en Denkel ile yollar\u0131n\u0131 ay\u0131rd\u0131. \u00c7i\u011fdem Can Rasna\u2019da kendi iste\u011fiyle tak\u0131m menajerli\u011fini b\u0131rakt\u0131. Transfer sezonunda tak\u0131m\u0131m\u0131z S\u0131rp sma\u00e7\u00f6r Brankica Mihajlovi\u0107, Amerikal\u0131 orta oyuncu Christa Harmotto Dietzen,\u2026","rel":"","context":"Benzer yaz\u0131","block_context":{"text":"Benzer yaz\u0131","link":""},"img":{"alt_text":"","src":"","width":0,"height":0},"classes":[]},{"id":48,"url":"https:\/\/sarimelekler.biz\/?page_id=48","url_meta":{"origin":2238,"position":4},"title":"2014-2015","author":"Edit\u00f6r","date":"4 \u015eubat 2017","format":false,"excerpt":"2014 \u2013 2015 sezonunda antren\u00f6r de\u011fi\u015fikli\u011fine gitmeyen tak\u0131m\u0131m\u0131z antren\u00f6r\u00fcm\u00fcz\u00fcn y\u00f6netimi sundu\u011fu rapor do\u011frultusunda Kim Yeon Koung\u2019la 2 y\u0131l, Eda Erdem D\u00fcndar\u2019la 3 y\u0131l, Christina Bauer\u2019le 1 y\u0131l ve Elif \u00d6ner\u2019le 1 y\u0131l s\u00f6zle\u015fme uzat\u0131rken, Seda Tokatl\u0131o\u011flu, \u0130pek Soro\u011flu, Derya \u00c7ay\u0131rgan, Nilay \u00d6zdemir, Elif Onur Ba\u015faran,\u00a0Fernanda Garay, Alisha Glass ve Aneta\u2026","rel":"","context":"Benzer yaz\u0131","block_context":{"text":"Benzer yaz\u0131","link":""},"img":{"alt_text":"","src":"https:\/\/i0.wp.com\/sarimelekler.biz\/wp-content\/uploads\/2017\/02\/Kupalar-14-1-150x150.jpg?resize=350%2C200&ssl=1","width":350,"height":200,"srcset":"https:\/\/i0.wp.com\/sarimelekler.biz\/wp-content\/uploads\/2017\/02\/Kupalar-14-1-150x150.jpg?resize=350%2C200&ssl=1 1x, https:\/\/i0.wp.com\/sarimelekler.biz\/wp-content\/uploads\/2017\/02\/Kupalar-14-1-150x150.jpg?resize=525%2C300&ssl=1 1.5x, https:\/\/i0.wp.com\/sarimelekler.biz\/wp-content\/uploads\/2017\/02\/Kupalar-14-1-150x150.jpg?resize=700%2C400&ssl=1 2x, https:\/\/i0.wp.com\/sarimelekler.biz\/wp-content\/uploads\/2017\/02\/Kupalar-14-1-150x150.jpg?resize=1050%2C600&ssl=1 3x, https:\/\/i0.wp.com\/sarimelekler.biz\/wp-content\/uploads\/2017\/02\/Kupalar-14-1-150x150.jpg?resize=1400%2C800&ssl=1 4x"},"classes":[]},{"id":40,"url":"https:\/\/sarimelekler.biz\/?page_id=40","url_meta":{"origin":2238,"position":5},"title":"2013-2014","author":"Edit\u00f6r","date":"4 \u015eubat 2017","format":false,"excerpt":"Sorunlu ve y\u0131pranm\u0131\u015f bir sezon ge\u00e7iren Fenerbah\u00e7e Bayan Voleybol tak\u0131m\u0131m\u0131z 2013 \u2013 2014 sezonu transferlerine Paula Pequeno, Marianne Steinbrecher, Lindsey Berg, Berenika Okuniewska, Meryem Boz, Nihan G\u00fcneyligil ve Duygu Bal ile yollar\u0131n\u0131 ay\u0131rarak ba\u015flad\u0131. \u00d6nce Brezilyal\u0131 sma\u00e7\u00f6r Fernanda Garay Rodrigues sonra ise Amerikal\u0131 pas\u00f6r Alisha Glass ve \u00c7ek pas\u00f6r \u00e7apraz\u0131\u2026","rel":"","context":"Benzer yaz\u0131","block_context":{"text":"Benzer yaz\u0131","link":""},"img":{"alt_text":"","src":"","width":0,"height":0},"classes":[]}],"_links":{"self":[{"href":"https:\/\/sarimelekler.biz\/index.php?rest_route=\/wp\/v2\/pages\/2238","targetHints":{"allow":["GET"]}}],"collection":[{"href":"https:\/\/sarimelekler.biz\/index.php?rest_route=\/wp\/v2\/pages"}],"about":[{"href":"https:\/\/sarimelekler.biz\/index.php?rest_route=\/wp\/v2\/types\/page"}],"author":[{"embeddable":true,"href":"https:\/\/sarimelekler.biz\/index.php?rest_route=\/wp\/v2\/users\/1"}],"replies":[{"embeddable":true,"href":"https:\/\/sarimelekler.biz\/index.php?rest_route=%2Fwp%2Fv2%2Fcomments&post=2238"}],"version-history":[{"count":17,"href":"https:\/\/sarimelekler.biz\/index.php?rest_route=\/wp\/v2\/pages\/2238\/revisions"}],"predecessor-version":[{"id":13739,"href":"https:\/\/sarimelekler.biz\/index.php?rest_route=\/wp\/v2\/pages\/2238\/revisions\/13739"}],"up":[{"embeddable":true,"href":"https:\/\/sarimelekler.biz\/index.php?rest_route=\/wp\/v2\/pages\/6"}],"wp:attachment":[{"href":"https:\/\/sarimelekler.biz\/index.php?rest_route=%2Fwp%2Fv2%2Fmedia&parent=2238"}],"curies":[{"name":"wp","href":"https:\/\/api.w.org\/{rel}","templated":true}]}}